{"id":7464,"date":"2024-02-16T13:14:42","date_gmt":"2024-02-16T12:14:42","guid":{"rendered":"https:\/\/www.elektrofix.nl\/reparation-du-systeme-de-navigation-bmw\/"},"modified":"2024-02-16T13:14:42","modified_gmt":"2024-02-16T12:14:42","slug":"reparation-du-systeme-de-navigation-bmw","status":"publish","type":"page","link":"https:\/\/www.elektrofix.nl\/fr\/reparation-du-systeme-de-navigation-bmw\/","title":{"rendered":"R\u00e9paration du syst\u00e8me de navigation BMW"},"content":{"rendered":"<p>[vc_row full_width=\u00a0\u00bbstretch_row\u00a0\u00bb css=\u00a0\u00bb.vc_custom_1612202182063{padding-top: 30px !important;padding-bottom: 15px !important;}\u00a0\u00bb][vc_column css=\u00a0\u00bb.vc_custom_1612180223540{padding-top: 0px !important;padding-bottom: 0px !important;}\u00a0\u00bb][vc_column_text]<\/p>\n<h5>Elektrofix est votre partenaire de A \u00e0 Z<\/h5>\n<h2>Pour la r\u00e9paration du syst\u00e8me de navigation BMW, rendez-vous chez Elektrofix<\/h2>\n<p>[\/vc_column_text][vc_row_inner equal_height=\u00a0\u00bbyes\u00a0\u00bb content_placement=\u00a0\u00bbmiddle\u00a0\u00bb css=\u00a0\u00bb.vc_custom_1612260120748{padding-top: 0px !important;padding-bottom: 0px !important;}\u00a0\u00bb][vc_column_inner width=\u00a0\u00bb1\/2&Prime; css=\u00a0\u00bb.vc_custom_1612180239327{padding-top: 0px !important;padding-bottom: 0px !important;}\u00a0\u00bb][vc_column_text]<img decoding=\"async\" class=\"alignnone size-full wp-image-506 lazyload\" data-src=\"\/wp-content\/uploads\/display-BMW.jpeg\" alt=\"R\u00e9paration du syst\u00e8me de navigation BMW\" width=\"100%\" height=\"auto\" data-srcset=\"https:\/\/www.elektrofix.nl\/wp-content\/uploads\/display-BMW.jpeg 500w, https:\/\/www.elektrofix.nl\/wp-content\/uploads\/display-BMW-300x221.jpeg 300w\" data-sizes=\"(max-width: 500px) 100vw, 500px\" src=\"data:image\/svg+xml;base64,PHN2ZyB3aWR0aD0iMSIgaGVpZ2h0PSIxIiB4bWxucz0iaHR0cDovL3d3dy53My5vcmcvMjAwMC9zdmciPjwvc3ZnPg==\" style=\"--smush-placeholder-width: 500px; --smush-placeholder-aspect-ratio: 500\/369;\" \/>[\/vc_column_text][\/vc_column_inner][vc_column_inner width=\u00a0\u00bb1\/2&Prime; css=\u00a0\u00bb.vc_custom_1612180248955{padding-top: 0px !important;padding-bottom: 0px !important;}\u00a0\u00bb][vc_column_text]Un syst\u00e8me de navigation est un syst\u00e8me ing\u00e9nieux. Tr\u00e8s pratique s&rsquo;il fonctionne \u00e0 100% ! Mais que faire si votre syst\u00e8me de navigation BMW ne fonctionne plus correctement ? Il s&rsquo;est litt\u00e9ralement \u00e9gar\u00e9 ou votre navigation est \u00ab\u00a0simplement\u00a0\u00bb d\u00e9fectueuse ? Dans la plupart des cas, nous pouvons r\u00e9parer votre syst\u00e8me de navigation BMW dans notre atelier \u00e0 Arnhem. Votre syst\u00e8me de navigation reste bloqu\u00e9 sur le logo BMW, red\u00e9marre sur le logo ou ne d\u00e9marre pas du tout ?<\/p>\n<p>Avez-vous perdu le son sur certains haut-parleurs ou n&rsquo;avez-vous plus de son du tout ? Les DVD ou les CD ne sont plus lus, n&rsquo;entrent plus ou ne sortent plus, ou votre syst\u00e8me ne re\u00e7oit plus de signaux GPS ? Il est alors temps de r\u00e9parer le syst\u00e8me de navigation BMW. Nous sommes sp\u00e9cialis\u00e9s dans la r\u00e9paration de l&rsquo;\u00e9lectronique BMW.<br \/>\n[\/vc_column_text][vc_btn title=\u00a0\u00bbDemande de devis\u00a0\u00bb style=\u00a0\u00bbcustom\u00a0\u00bb custom_text=\u00a0\u00bb#666666&Prime; el_class=\u00a0\u00bbblue-btn\u00a0\u00bb link=\u00a0\u00bburl:%23offerte|||\u00a0\u00bb][\/vc_column_inner][\/vc_row_inner][\/vc_column][\/vc_row][vc_row full_width=\u00a0\u00bbstretch_row\u00a0\u00bb css=\u00a0\u00bb.vc_custom_1612202018327{padding-top: 50px !important;padding-bottom: 15px !important;}\u00a0\u00bb][vc_column css=\u00a0\u00bb.vc_custom_1612180223540{padding-top: 0px !important;padding-bottom: 0px !important;}\u00a0\u00bb][vc_column_text]<\/p>\n<h5>La r\u00e9paration chez Elektrofix est moins ch\u00e8re<\/h5>\n<h2>La r\u00e9paration du syst\u00e8me de navigation de votre BMW est plus \u00e9conomique que son remplacement<\/h2>\n<p>Vous partez bient\u00f4t en vacances ou \u00e0 l&rsquo;\u00e9tranger avec votre BMW ? Votre syst\u00e8me de navigation a-t-il \u00e9t\u00e9 mis \u00e0 jour avec les derni\u00e8res mises \u00e0 jour du logiciel de navigation BMW ? Si ce n&rsquo;est pas le cas, pour une r\u00e9initialisation ou une mise \u00e0 jour du syst\u00e8me de navigation BMW, vous \u00eates au bon endroit chez Elektrofix. Vous pouvez toujours vous adresser \u00e0 Elektrofix pour une r\u00e9paration \u00e9conomique, rapide et de bonne qualit\u00e9. Nous r\u00e9parons les modules pour une fraction du prix du neuf, avec garantie bien s\u00fbr !<\/p>\n<p>Faire r\u00e9parer vos pi\u00e8ces \u00e9lectroniques BMW par nos soins vous permettra d&rsquo;\u00e9conomiser beaucoup d&rsquo;argent. Souvent, l&rsquo;achat d&rsquo;une pi\u00e8ce d\u00e9fectueuse aupr\u00e8s d&rsquo;un revendeur est tr\u00e8s co\u00fbteux. En outre, les concessionnaires facturent des taux horaires d\u00e9cents pour le montage et le d\u00e9montage des pi\u00e8ces. Souvent, l&rsquo;apprentissage de la nouvelle pi\u00e8ce est \u00e9galement factur\u00e9. Chez Elektrofix, le montage et le d\u00e9montage de votre syst\u00e8me de navigation BMW sont toujours gratuits et vous ne devez pas vous rendre chez le concessionnaire pour faire r\u00e9installer la pi\u00e8ce r\u00e9par\u00e9e. Nous effectuons toutes les r\u00e9parations de syst\u00e8mes de navigation BMW et les mises \u00e0 jour BMW dans notre propre atelier.<br \/>\n[\/vc_column_text][\/vc_column][\/vc_row][vc_row full_width=\u00a0\u00bbstretch_row\u00a0\u00bb css=\u00a0\u00bb.vc_custom_1612199972923{margin-top: 50px !important;margin-bottom: 50px !important;padding-top: 0px !important;padding-bottom: 0px !important;background-image: url(https:\/\/www.elektrofix.nl\/wp-content\/uploads\/pexels-ingo-joseph-13781-1.png?id=250) !important;background-position: center !important;background-repeat: no-repeat !important;background-size: cover !important;}\u00a0\u00bb el_class=\u00a0\u00bbcta-box\u00a0\u00bb][vc_column css=\u00a0\u00bb.vc_custom_1612180223540{padding-top: 0px !important;padding-bottom: 0px !important;}\u00a0\u00bb][vc_row_inner equal_height=\u00a0\u00bbyes\u00a0\u00bb content_placement=\u00a0\u00bbmiddle\u00a0\u00bb css=\u00a0\u00bb.vc_custom_1612260422676{padding-top: 0px !important;padding-bottom: 0px !important;}\u00a0\u00bb][vc_column_inner el_class=\u00a0\u00bbcta-gradient-box\u00a0\u00bb width=\u00a0\u00bb1\/2&Prime; css=\u00a0\u00bb.vc_custom_1612200066371{padding-top: 65px !important;padding-bottom: 35px !important;}\u00a0\u00bb][vc_column_text]<\/p>\n<h2>Curieux de savoir<br \/>\nles possibilit\u00e9s ?<\/h2>\n<p>Elektrofix est un sp\u00e9cialiste des r\u00e9parations \u00e9lectroniques automobiles et du codage de logiciels. Contactez-nous d\u00e8s aujourd&rsquo;hui pour un rendez-vous ![\/vc_column_text][vc_btn title=\u00a0\u00bbDemande de devis\u00a0\u00bb style=\u00a0\u00bbcustom\u00a0\u00bb custom_text=\u00a0\u00bb#666666&Prime; el_class=\u00a0\u00bbwhite-btn\u00a0\u00bb link=\u00a0\u00bburl:%23offerte|||\u00a0\u00bb][\/vc_column_inner][vc_column_inner width=\u00a0\u00bb1\/2&Prime; css=\u00a0\u00bb.vc_custom_1612180248955{padding-top: 0px !important;padding-bottom: 0px !important;}\u00a0\u00bb][\/vc_column_inner][\/vc_row_inner][\/vc_column][\/vc_row][vc_row full_width=\u00a0\u00bbstretch_row\u00a0\u00bb css=\u00a0\u00bb.vc_custom_1612202018327{padding-top: 50px !important;padding-bottom: 15px !important;}\u00a0\u00bb][vc_column css=\u00a0\u00bb.vc_custom_1612180223540{padding-top: 0px !important;padding-bottom: 0px !important;}\u00a0\u00bb][vc_column_text]<\/p>\n<h2>Mise \u00e0 jour ou r\u00e9initialisation du syst\u00e8me de navigation BMW<\/h2>\n<p>Votre syst\u00e8me de navigation a-t-il besoin d&rsquo;une mise \u00e0 jour ou d&rsquo;une r\u00e9initialisation ? Nous pouvons \u00e9galement nous en charger. Vous voulez pouvoir utiliser les cartes de navigation les plus r\u00e9centes ? Nous pourrons alors le mettre \u00e0 jour pour vous. Cela inclut le code de lib\u00e9ration requis (code FSC). La mise \u00e0 jour des cartes de navigation prend environ 45 \u00e0 60 minutes, pendant lesquelles vous pouvez continuer \u00e0 utiliser le syst\u00e8me d&rsquo;infodivertissement. Vous pouvez \u00e9galement choisir de recevoir la mise \u00e0 jour sur une cl\u00e9 USB (32 Go), afin de pouvoir l&rsquo;effectuer vous-m\u00eame \u00e0 votre convenance.<\/p>\n<p>Nous effectuons des mises \u00e0 jour de cartes pour les mod\u00e8les suivants :[\/vc_column_text][vc_row_inner][vc_column_inner width=\u00a0\u00bb1\/2&Prime;][vc_column_text]<\/p>\n<ul>\n<li>M-ask<\/li>\n<li>M-ask2<\/li>\n<li>CCC<\/li>\n<li>Moyen Cic<\/li>\n<\/ul>\n<p>[\/vc_column_text][\/vc_column_inner][vc_column_inner width=\u00a0\u00bb1\/2&Prime;][vc_column_text]<\/p>\n<ul>\n<li>Professionnel du Cic<\/li>\n<li>Nbt<\/li>\n<li>Nbt Hu<\/li>\n<li>Nbt EVo<\/li>\n<\/ul>\n<p>[\/vc_column_text][\/vc_column_inner][\/vc_row_inner][vc_column_text]E60, E61, E63, E64, E70, E71, E81, E82, E84, E87, E88, E89, E90, E91, E93, F01, F02, F03, F04, F06, F07, F10, F11, F12, F15, F16, F18, F20, F21, F22, F23, F25, F26, F30, F31, F32, F33, F34, F35, F36, F45, F46, F55, F56, F80, F82, F83, F85, F86, F87, G11,G12, G30, G31, G32, MINI.<br \/>\n[\/vc_column_text][vc_tta_accordion][vc_tta_section title=\u00a0\u00bbMod\u00e8les BMW pour la r\u00e9paration du CIC\u00a0\u00bb tab_id=\u00a0\u00bb1673519420474-93f04f84-096a\u00a0\u00bb][vc_column_text]Nous r\u00e9parons l&rsquo;unit\u00e9 principale CIC pour tous les mod\u00e8les BMW compatibles :<\/p>\n<p>BMW S\u00e9rie 1 2008-2012 (E81, E82, E87, E88)<\/p>\n<p>BMW S\u00e9rie 1 2012-2013 (F20, F21)<\/p>\n<p>BMW S\u00e9rie 3 2008-2012 (E90, E91, E92, E93)<\/p>\n<p>BMW S\u00e9rie 3 2012-2013 (F30, F31, F80)<\/p>\n<p>BMW 4 Ser\u0131e 2012-2013 (F34)<\/p>\n<p>BMW S\u00e9rie 5 2008-2010 (E60, E61)<\/p>\n<p>BMW S\u00e9rie 5 2010-2013 (F7, F10, F11)<\/p>\n<p>BMW S\u00e9rie 6 2008-2010 (E63, E64)<\/p>\n<p>BMW S\u00e9rie 7 2008-2010 (E65, E66, E67, E68)<\/p>\n<p>BMW S\u00e9rie 7 2010-2013 (F01, F02)<\/p>\n<p>BMW X1 E84<\/p>\n<p>BMW X3 F25<\/p>\n<p>BMW X5 E70<\/p>\n<p>BMW X6 E71[\/vc_column_text][\/vc_tta_section][vc_tta_section title=\u00a0\u00bbMod\u00e8les BMW pour la r\u00e9paration NBT\u00a0\u00bb tab_id=\u00a0\u00bb1673519332873-fe1e6481-0e53&Prime;][vc_column_text]Nous r\u00e9parons l&rsquo;unit\u00e9 principale NBT pour tous les mod\u00e8les BMW compatibles :<\/p>\n<p>BMW S\u00e9rie 1 F20\/F21 &#8211; 03\/2013 &#8211; 03\/2015<\/p>\n<p>BMW S\u00e9rie 2 F22 &#8211; 11\/2013 &#8211; 03\/2015<\/p>\n<p>BMW S\u00e9rie 3 F30\/F31 &#8211; 11\/2012 &#8211; 07\/2015<\/p>\n<p>BMW S\u00e9rie 3 F34 &#8211; 03\/2013 &#8211; 07\/2015<\/p>\n<p>BMW S\u00e9rie 3 F80 &#8211; 03\/2014 &#8211; 07\/2015<\/p>\n<p>BMW S\u00e9rie 4 F32 &#8211; 07\/2013 &#8211; 07\/2015<\/p>\n<p>BMW S\u00e9rie 4 F33 &#8211; 11\/2013 &#8211; 07\/2015<\/p>\n<p>BMW S\u00e9rie 4 F36 &#8211; 03\/2014 &#8211; 07\/2015<\/p>\n<p>BMW S\u00e9rie 5 F07 &#8211; 07\/2012 &#8211; aujourd&rsquo;hui<\/p>\n<p>BMW S\u00e9rie 5 F10\/F11\/F18 &#8211; 09\/2012 &#8211; aujourd&rsquo;hui<\/p>\n<p>BMW S\u00e9rie 6 F06\/F12\/F13 &#8211; 03\/2013 &#8211; aujourd&rsquo;hui<\/p>\n<p>BMW S\u00e9rie 7 F01\/F02\/F03 &#8211; 07\/2012 &#8211; 06\/2015<\/p>\n<p>BMW X3 F25 &#8211; 04\/2013 &#8211; 03\/2016<\/p>\n<p>BMW X4 F26 &#8211; 04\/2014 &#8211; 03\/2016<\/p>\n<p>BMW X5 F15 &#8211; 08\/2014 &#8211; 07\/2016<\/p>\n<p>BMW X5 F85 &#8211; 12\/2014 &#8211; 07\/2016<\/p>\n<p>BMW X6 F16 &#8211; 08\/2014 &#8211; 07\/2016<\/p>\n<p>BMW X6 F86 &#8211; 12\/2014 &#8211; 07\/2016<\/p>\n<p>BMW i3 &#8211; 09\/2013 &#8211; aujourd&rsquo;hui<\/p>\n<p>BMW i8 &#8211; 04\/2014 &#8211; aujourd&rsquo;hui[\/vc_column_text][\/vc_tta_section][vc_tta_section title=\u00a0\u00bbMod\u00e8les BMW pour NBT Evo Repair\u00a0\u00bb tab_id=\u00a0\u00bb1673519332862-7a07f109-abad\u00a0\u00bb][vc_column_text]Nous r\u00e9parons l&rsquo;unit\u00e9 principale NBT pour tous les mod\u00e8les BMW compatibles :<\/p>\n<p>BMW S\u00e9rie 1 F20\/F21 &#8211; 03\/2015 -.<\/p>\n<p>BMW S\u00e9rie 2 F22 &#8211; 03\/2015 -.<\/p>\n<p>BMW S\u00e9rie 2 F23 &#8211; 11\/2014 -.<\/p>\n<p>BMW S\u00e9rie 3 F30\/F31\/F34\/F80 &#8211; 07\/2015 -.<\/p>\n<p>BMW S\u00e9rie 4 F32\/F33\/F36 &#8211; 07\/2015 -.<\/p>\n<p>BMW S\u00e9rie 5 G30 &#8211; 10\/2016 -.<\/p>\n<p>BMW S\u00e9rie 6 F06\/F12\/F13 &#8211; 03\/2013 -.[\/vc_column_text][\/vc_tta_section][\/vc_tta_accordion][\/vc_column][\/vc_row][vc_row full_width=\u00a0\u00bbstretch_row\u00a0\u00bb css=\u00a0\u00bb.vc_custom_1612202018327{padding-top: 50px !important;padding-bottom: 15px !important;}\u00a0\u00bb][vc_column][vc_column_text]<\/p>\n<h2>Probl\u00e8mes courants de navigation BMW<\/h2>\n<p>[\/vc_column_text][\/vc_column][vc_column width=\u00a0\u00bb2\/3&Prime; css=\u00a0\u00bb.vc_custom_1612180223540{padding-top: 0px !important;padding-bottom: 0px !important;}\u00a0\u00bb][vc_column_text]Liste des probl\u00e8mes courants de navigation BMW :<\/p>\n<ul>\n<li>L&rsquo;\u00e9cran se bloque plusieurs fois ou red\u00e9marre (logo BMW)<\/li>\n<li>L&rsquo;\u00e9cran reste noir<\/li>\n<li>Pas de connexion ou de retour d&rsquo;information<\/li>\n<li>Consommation \u00e9lectrique trop \u00e9lev\u00e9e<\/li>\n<li>L&rsquo;\u00e9clairage ne fonctionne pas<\/li>\n<li>Le ventilateur fonctionne en continu<\/li>\n<li>Perte de son<\/li>\n<li>\u00c9chec complet<\/li>\n<li>Pas de fonctionnement de l&rsquo;iDrive<\/li>\n<\/ul>\n<p>Votre syst\u00e8me de navigation BMW est cass\u00e9 sur une ou plusieurs des parties ci-dessus ? Dans ce cas, contactez-nous.[\/vc_column_text][\/vc_column][vc_column width=\u00a0\u00bb1\/3&Prime;][vc_column_text]<img decoding=\"async\" class=\"alignnone size-full wp-image-248 lazyload\" data-src=\"\/wp-content\/uploads\/index-foto-1.jpg\" alt=\"\u00c9cran de r\u00e9paration BMW\" width=\"100%\" height=\"auto\" data-srcset=\"https:\/\/www.elektrofix.nl\/wp-content\/uploads\/index-foto-1.jpg 500w, https:\/\/www.elektrofix.nl\/wp-content\/uploads\/index-foto-1-300x286.jpg 300w\" data-sizes=\"(max-width: 500px) 100vw, 500px\" src=\"data:image\/svg+xml;base64,PHN2ZyB3aWR0aD0iMSIgaGVpZ2h0PSIxIiB4bWxucz0iaHR0cDovL3d3dy53My5vcmcvMjAwMC9zdmciPjwvc3ZnPg==\" style=\"--smush-placeholder-width: 500px; --smush-placeholder-aspect-ratio: 500\/476;\" \/>[\/vc_column_text][\/vc_column][\/vc_row][vc_row][vc_column][vc_column_text]<\/p>\n<h2>Contactez directement Elektrofix<\/h2>\n<p>Pour une r\u00e9paration ou une mise \u00e0 jour du syst\u00e8me de navigation BMW, rendez-vous chez Elektrofix. Rapide et peu co\u00fbteux. Prenez rendez-vous \u00e0 l&rsquo;avance en appelant le <a href=\"tel:0625387023\">06 25 38 70<\/a> 23, par e-mail <a href=\"mailto:info@elektrofix.nl\">info@elektrofix.nl<\/a> ou en laissant un message via le formulaire de contact pr\u00e9sent sur le site.<br \/>\n[\/vc_column_text][\/vc_column][\/vc_row]<\/p>\n","protected":false},"excerpt":{"rendered":"<p>[vc_row full_width=\u00a0\u00bbstretch_row\u00a0\u00bb css=\u00a0\u00bb.vc_custom_1612202182063{padding-top: 30px !important;padding-bottom: 15px !important;}\u00a0\u00bb][vc_column css=\u00a0\u00bb.vc_custom_1612180223540{padding-top: 0px !important;padding-bottom: 0px !important;}\u00a0\u00bb][vc_column_text] Elektrofix est votre partenaire de A \u00e0 Z Pour la r\u00e9paration du syst\u00e8me<a class=\"moretag\" href=\"https:\/\/www.elektrofix.nl\/fr\/reparation-du-systeme-de-navigation-bmw\/\">&#8230;<\/a><\/p>\n","protected":false},"author":1,"featured_media":0,"parent":0,"menu_order":0,"comment_status":"closed","ping_status":"closed","template":"","meta":{"footnotes":""},"class_list":["post-7464","page","type-page","status-publish","hentry"],"_links":{"self":[{"href":"https:\/\/www.elektrofix.nl\/fr\/wp-json\/wp\/v2\/pages\/7464","targetHints":{"allow":["GET"]}}],"collection":[{"href":"https:\/\/www.elektrofix.nl\/fr\/wp-json\/wp\/v2\/pages"}],"about":[{"href":"https:\/\/www.elektrofix.nl\/fr\/wp-json\/wp\/v2\/types\/page"}],"author":[{"embeddable":true,"href":"https:\/\/www.elektrofix.nl\/fr\/wp-json\/wp\/v2\/users\/1"}],"replies":[{"embeddable":true,"href":"https:\/\/www.elektrofix.nl\/fr\/wp-json\/wp\/v2\/comments?post=7464"}],"version-history":[{"count":0,"href":"https:\/\/www.elektrofix.nl\/fr\/wp-json\/wp\/v2\/pages\/7464\/revisions"}],"wp:attachment":[{"href":"https:\/\/www.elektrofix.nl\/fr\/wp-json\/wp\/v2\/media?parent=7464"}],"curies":[{"name":"wp","href":"https:\/\/api.w.org\/{rel}","templated":true}]}}