{"id":7389,"date":"2024-02-16T13:14:24","date_gmt":"2024-02-16T12:14:24","guid":{"rendered":"https:\/\/www.elektrofix.nl\/bmw-ccc-reparation\/"},"modified":"2024-02-16T13:14:24","modified_gmt":"2024-02-16T12:14:24","slug":"bmw-ccc-reparation","status":"publish","type":"page","link":"https:\/\/www.elektrofix.nl\/fr\/bmw-ccc-reparation\/","title":{"rendered":"BMW CCC R\u00e9paration"},"content":{"rendered":"<p>[vc_row full_width=\u00a0\u00bbstretch_row\u00a0\u00bb css=\u00a0\u00bb.vc_custom_1612202182063{padding-top: 30px !important;padding-bottom: 15px !important;}\u00a0\u00bb][vc_column css=\u00a0\u00bb.vc_custom_1612180223540{padding-top: 0px !important;padding-bottom: 0px !important;}\u00a0\u00bb][vc_column_text]<\/p>\n<h5>Elektrofix est votre partenaire de A \u00e0 Z<\/h5>\n<h2>Pour la r\u00e9paration de BMW CCC, voir Elektrofix<\/h2>\n<p>[\/vc_column_text][vc_row_inner equal_height=\u00a0\u00bbyes\u00a0\u00bb content_placement=\u00a0\u00bbmiddle\u00a0\u00bb css=\u00a0\u00bb.vc_custom_1612260120748{padding-top: 0px !important;padding-bottom: 0px !important;}\u00a0\u00bb][vc_column_inner width=\u00a0\u00bb1\/2&Prime; css=\u00a0\u00bb.vc_custom_1612180239327{padding-top: 0px !important;padding-bottom: 0px !important;}\u00a0\u00bb][vc_single_image image=\u00a0\u00bb875&Prime; img_size=\u00a0\u00bbfull\u00a0\u00bb][\/vc_column_inner][vc_column_inner width=\u00a0\u00bb1\/2&Prime; css=\u00a0\u00bb.vc_custom_1612180248955{padding-top: 0px !important;padding-bottom: 0px !important;}\u00a0\u00bb][vc_column_text]Votre unit\u00e9 BMW CCC est-elle en panne ? Par exemple, le syst\u00e8me reste-t-il bloqu\u00e9 sur le logo BMW, red\u00e9marre-t-il constamment ou ne red\u00e9marre-t-il pas du tout ? Avez-vous perdu le son sur certains haut-parleurs, ou pas de son du tout ? Les DVD ou les CD ne sont plus lus ou sont bloqu\u00e9s ? Ou bien vous n&rsquo;avez m\u00eame pas de r\u00e9ception GPS ? Vous voyez, tout peut arriver \u00e0 votre unit\u00e9 BMW CCC. C&rsquo;est bien s\u00fbr tr\u00e8s ennuyeux. D&rsquo;autant plus que vous en \u00eates parfois tr\u00e8s d\u00e9pendant, comme dans le cas d&rsquo;un syst\u00e8me de navigation.<\/p>\n<p>Chez Elektrofix, vous pouvez obtenir une r\u00e9paration experte de l&rsquo;unit\u00e9 BMW CCC. Contactez-nous pour un rendez-vous et nous vous aiderons \u00e0 aller plus loin pour un prix raisonnable.[\/vc_column_text][vc_btn title=\u00a0\u00bbDemande de devis\u00a0\u00bb style=\u00a0\u00bbcustom\u00a0\u00bb custom_text=\u00a0\u00bb#666666&Prime; el_class=\u00a0\u00bbblue-btn\u00a0\u00bb link=\u00a0\u00bburl:%23offerte|||\u00a0\u00bb][\/vc_column_inner][\/vc_row_inner][\/vc_column][\/vc_row][vc_row full_width=\u00a0\u00bbstretch_row\u00a0\u00bb css=\u00a0\u00bb.vc_custom_1612202018327{padding-top: 50px !important;padding-bottom: 15px !important;}\u00a0\u00bb][vc_column css=\u00a0\u00bb.vc_custom_1612180223540{padding-top: 0px !important;padding-bottom: 0px !important;}\u00a0\u00bb][vc_column_text]<\/p>\n<h5>La r\u00e9paration chez Elektrofix est moins ch\u00e8re<\/h5>\n<h2>BMW CCC r\u00e9paration, plus \u00e9conomique que le remplacement<\/h2>\n<p>Vous pouvez toujours vous adresser \u00e0 Elektrofix pour une r\u00e9paration \u00e9lectronique BMW \u00e9conomique, rapide et de qualit\u00e9. Nous sommes m\u00eame sp\u00e9cialis\u00e9s dans ce domaine. C&rsquo;est pourquoi nous r\u00e9parons \u00e9galement les unit\u00e9s BMW CCC bien connues. Nous r\u00e9parons les modules pour une fraction du prix du neuf, avec garantie bien s\u00fbr ! Faire r\u00e9parer vos pi\u00e8ces \u00e9lectroniques BMW par nos soins vous permettra d&rsquo;\u00e9conomiser beaucoup d&rsquo;argent. Souvent, l&rsquo;achat d&rsquo;une pi\u00e8ce d\u00e9fectueuse aupr\u00e8s d&rsquo;un revendeur est tr\u00e8s co\u00fbteux. Une nouvelle unit\u00e9 BMW CCC co\u00fbte environ un millier d&rsquo;euros, ce qui repr\u00e9sente une lourde charge pour le portefeuille.<\/p>\n<p>En outre, les concessionnaires facturent souvent des taux horaires d\u00e9cents pour le montage et le d\u00e9montage des pi\u00e8ces. Souvent, ils facturent \u00e9galement des frais pour l&rsquo;apprentissage de la nouvelle pi\u00e8ce. Chez Elektrofix, l&rsquo;installation et le retrait de votre syst\u00e8me de navigation BMW CCC sont toujours gratuits et vous ne devez pas vous rendre chez le concessionnaire pour faire r\u00e9apprendre la pi\u00e8ce r\u00e9par\u00e9e. Les r\u00e9parations BMW CCC sont effectu\u00e9es dans notre propre atelier.[\/vc_column_text][\/vc_column][\/vc_row][vc_row full_width=\u00a0\u00bbstretch_row\u00a0\u00bb css=\u00a0\u00bb.vc_custom_1612199714486{padding-top: 50px !important;padding-bottom: 15px !important;}\u00a0\u00bb][vc_column][vc_column_text]<\/p>\n<h2>Quand faut-il r\u00e9parer le module BMW CCC ?<\/h2>\n<p>[\/vc_column_text][vc_row_inner][vc_column_inner width=\u00a0\u00bb1\/2&Prime;][vc_column_text]Comme indiqu\u00e9 plus haut, il existe un certain nombre de points sur lesquels une unit\u00e9 BMW CCC peut \u00e9chouer. Ils sont de plus en plus fr\u00e9quents, surtout dans la s\u00e9rie 5. Vous en trouverez la liste ci-dessous :<\/p>\n<ul>\n<li>L&rsquo;\u00e9cran se bloque ou red\u00e9marre plusieurs fois (logo BMW)<\/li>\n<li>L&rsquo;\u00e9cran reste noir<\/li>\n<li>Pas de connexion ou de retour d&rsquo;information<\/li>\n<li>Consommation \u00e9lectrique trop \u00e9lev\u00e9e<\/li>\n<li>L&rsquo;\u00e9clairage ne fonctionne pas<\/li>\n<li>Le ventilateur fonctionne en continu<\/li>\n<li>Perte de son<\/li>\n<li>\u00c9chec complet<\/li>\n<li>iDrive ne fonctionne pas<\/li>\n<\/ul>\n<p>[\/vc_column_text][vc_btn title=\u00a0\u00bbDemande de devis\u00a0\u00bb style=\u00a0\u00bbcustom\u00a0\u00bb custom_text=\u00a0\u00bb#666666&Prime; el_class=\u00a0\u00bbblue-btn\u00a0\u00bb link=\u00a0\u00bburl:%23offerte|||\u00a0\u00bb][\/vc_column_inner][vc_column_inner width=\u00a0\u00bb1\/2&Prime;][vc_single_image image=\u00a0\u00bb879&Prime; img_size=\u00a0\u00bbfull\u00a0\u00bb][\/vc_column_inner][\/vc_row_inner][\/vc_column][\/vc_row][vc_row full_width=\u00a0\u00bbstretch_row\u00a0\u00bb css=\u00a0\u00bb.vc_custom_1612199972923{margin-top: 50px !important;margin-bottom: 50px !important;padding-top: 0px !important;padding-bottom: 0px !important;background-image: url(https:\/\/www.elektrofix.nl\/wp-content\/uploads\/pexels-ingo-joseph-13781-1.png?id=250) !important;background-position: center !important;background-repeat: no-repeat !important;background-size: cover !important;}\u00a0\u00bb el_class=\u00a0\u00bbcta-box\u00a0\u00bb][vc_column css=\u00a0\u00bb.vc_custom_1612180223540{padding-top: 0px !important;padding-bottom: 0px !important;}\u00a0\u00bb][vc_row_inner equal_height=\u00a0\u00bbyes\u00a0\u00bb content_placement=\u00a0\u00bbmiddle\u00a0\u00bb css=\u00a0\u00bb.vc_custom_1612260422676{padding-top: 0px !important;padding-bottom: 0px !important;}\u00a0\u00bb][vc_column_inner el_class=\u00a0\u00bbcta-gradient-box\u00a0\u00bb width=\u00a0\u00bb1\/2&Prime; css=\u00a0\u00bb.vc_custom_1612200066371{padding-top: 65px !important;padding-bottom: 35px !important;}\u00a0\u00bb][vc_column_text]<\/p>\n<h2>Curieux de savoir<br \/>\nles possibilit\u00e9s ?<\/h2>\n<p>Elektrofix est un sp\u00e9cialiste des r\u00e9parations \u00e9lectroniques automobiles et du codage de logiciels. Contactez-nous d\u00e8s aujourd&rsquo;hui pour un rendez-vous ![\/vc_column_text][vc_btn title=\u00a0\u00bbDemande de devis\u00a0\u00bb style=\u00a0\u00bbcustom\u00a0\u00bb custom_text=\u00a0\u00bb#666666&Prime; el_class=\u00a0\u00bbwhite-btn\u00a0\u00bb link=\u00a0\u00bburl:%23offerte|||\u00a0\u00bb][\/vc_column_inner][vc_column_inner width=\u00a0\u00bb1\/2&Prime; css=\u00a0\u00bb.vc_custom_1612180248955{padding-top: 0px !important;padding-bottom: 0px !important;}\u00a0\u00bb][\/vc_column_inner][\/vc_row_inner][\/vc_column][\/vc_row][vc_row full_width=\u00a0\u00bbstretch_row\u00a0\u00bb css=\u00a0\u00bb.vc_custom_1612202018327{padding-top: 50px !important;padding-bottom: 15px !important;}\u00a0\u00bb][vc_column css=\u00a0\u00bb.vc_custom_1612180223540{padding-top: 0px !important;padding-bottom: 0px !important;}\u00a0\u00bb][vc_column_text]<\/p>\n<h2>BMW CCC professional M-ask II business navigation repair<\/h2>\n<p>Vous avez des probl\u00e8mes avec votre BMW CCC et votre syst\u00e8me de navigation M-ask2 ? Vous \u00eates alors au bon endroit.<br \/>\nSi vous venez avec votre voiture, le probl\u00e8me sera probablement r\u00e9solu entre 15 et 17 heures. y compris. le montage et le codage avec l&rsquo;\u00e9quipement d&rsquo;origine.<\/p>\n<p>Aucune visite n&rsquo;est n\u00e9cessaire. Une autre option consiste \u00e0 envoyer le mat\u00e9riel. L&rsquo;exp\u00e9dition est possible par la poste. Cette r\u00e9paration prend environ deux jours.<\/p>\n<p>Nous r\u00e9parons les probl\u00e8mes de CCC pour les mod\u00e8les suivants<\/p>\n<ul>\n<li>BMW s\u00e9rie 1 : e81, e82, e87, e88<\/li>\n<li>BMW s\u00e9rie 3 : e90, e91, e92, e93<\/li>\n<li>BMW s\u00e9rie 5 : e60, e61<\/li>\n<li>BMW s\u00e9rie 6 : e63, e64<\/li>\n<li>BMW X5 E70<\/li>\n<\/ul>\n<p>[\/vc_column_text][\/vc_column][vc_column][vc_column_text]<\/p>\n<h2>Les probl\u00e8mes les plus courants avec BMW CCC<\/h2>\n<p>[\/vc_column_text][vc_row_inner][vc_column_inner width=\u00a0\u00bb1\/2&Prime;][vc_column_text]<\/p>\n<ul>\n<li>Red\u00e9marrage \u00e0 chaque fois<\/li>\n<li>Le logo BMW reste fixe<\/li>\n<li>Enti\u00e8rement d\u00e9pourvu de fonction<\/li>\n<li>Absence de r\u00e9ponse<\/li>\n<li>Le syst\u00e8me de navigation ne d\u00e9marre pas<\/li>\n<li>Le ventilateur du refroidisseur ne s&rsquo;\u00e9teint pas<\/li>\n<li>La batterie se d\u00e9charge rapidement<\/li>\n<\/ul>\n<p>[\/vc_column_text][\/vc_column_inner][vc_column_inner width=\u00a0\u00bb1\/2&Prime;][vc_column_text]<\/p>\n<ul>\n<li>La navigation CCC s&#8217;emballe<\/li>\n<li>La connexion Bluetooth interf\u00e8re<\/li>\n<li>Impossible d&rsquo;activer le Bluetooth<\/li>\n<li>Le son est souvent interrompu<\/li>\n<li>Le contr\u00f4leur d&rsquo;entra\u00eenement ne peut pas s\u00e9lectionner<\/li>\n<li>Probl\u00e8me de code ou erreur de codage<\/li>\n<li>Le DVD ou le CD n&rsquo;est pas lu<\/li>\n<\/ul>\n<p>[\/vc_column_text][\/vc_column_inner][\/vc_row_inner][\/vc_column][\/vc_row][vc_row full_width=\u00a0\u00bbstretch_row\u00a0\u00bb css=\u00a0\u00bb.vc_custom_1612202018327{padding-top: 50px !important;padding-bottom: 15px !important;}\u00a0\u00bb][vc_column css=\u00a0\u00bb.vc_custom_1612180223540{padding-top: 0px !important;padding-bottom: 0px !important;}\u00a0\u00bb][vc_column_text]<\/p>\n<h2>Mise \u00e0 jour ou r\u00e9initialisation du syst\u00e8me de navigation BMW<\/h2>\n<p>Votre syst\u00e8me de navigation BMW a besoin d&rsquo;une mise \u00e0 jour ou d&rsquo;une r\u00e9initialisation ? Nous pouvons \u00e9galement nous en charger. Vous voulez pouvoir utiliser les cartes de navigation les plus r\u00e9centes ? Nous pourrons alors le mettre \u00e0 jour pour vous. Cela inclut le code de lib\u00e9ration requis (code FSC). La mise \u00e0 jour des cartes de navigation prend environ 45 \u00e0 60 minutes, pendant lesquelles vous pouvez continuer \u00e0 utiliser le syst\u00e8me d&rsquo;infodivertissement. Vous pouvez \u00e9galement choisir de recevoir la mise \u00e0 jour sur une cl\u00e9 USB (32 Go), afin de pouvoir l&rsquo;effectuer vous-m\u00eame \u00e0 votre convenance.[\/vc_column_text][\/vc_column][\/vc_row][vc_row][vc_column][vc_column_text]<\/p>\n<h2>Contactez directement Elektrofix<\/h2>\n<p>Pour la r\u00e9paration de BMW CCC, rendez-vous sur le site Elektrofix. Plus rapide et moins cher que le concessionnaire ! Prenez rendez-vous \u00e0 l&rsquo;avance en appelant le <a href=\"tel:0625387023\">06 25 38 70<\/a> 23, par e-mail <a href=\"mailto:info@elektrofix.nl\">info@elektrofix.nl<\/a> ou en laissant un message via le formulaire de contact pr\u00e9sent sur le site.[\/vc_column_text][\/vc_column][\/vc_row]<\/p>\n","protected":false},"excerpt":{"rendered":"<p>[vc_row full_width=\u00a0\u00bbstretch_row\u00a0\u00bb css=\u00a0\u00bb.vc_custom_1612202182063{padding-top: 30px !important;padding-bottom: 15px !important;}\u00a0\u00bb][vc_column css=\u00a0\u00bb.vc_custom_1612180223540{padding-top: 0px !important;padding-bottom: 0px !important;}\u00a0\u00bb][vc_column_text] Elektrofix est votre partenaire de A \u00e0 Z Pour la r\u00e9paration de BMW<a class=\"moretag\" href=\"https:\/\/www.elektrofix.nl\/fr\/bmw-ccc-reparation\/\">&#8230;<\/a><\/p>\n","protected":false},"author":1,"featured_media":0,"parent":0,"menu_order":0,"comment_status":"closed","ping_status":"closed","template":"","meta":{"footnotes":""},"class_list":["post-7389","page","type-page","status-publish","hentry"],"_links":{"self":[{"href":"https:\/\/www.elektrofix.nl\/fr\/wp-json\/wp\/v2\/pages\/7389","targetHints":{"allow":["GET"]}}],"collection":[{"href":"https:\/\/www.elektrofix.nl\/fr\/wp-json\/wp\/v2\/pages"}],"about":[{"href":"https:\/\/www.elektrofix.nl\/fr\/wp-json\/wp\/v2\/types\/page"}],"author":[{"embeddable":true,"href":"https:\/\/www.elektrofix.nl\/fr\/wp-json\/wp\/v2\/users\/1"}],"replies":[{"embeddable":true,"href":"https:\/\/www.elektrofix.nl\/fr\/wp-json\/wp\/v2\/comments?post=7389"}],"version-history":[{"count":0,"href":"https:\/\/www.elektrofix.nl\/fr\/wp-json\/wp\/v2\/pages\/7389\/revisions"}],"wp:attachment":[{"href":"https:\/\/www.elektrofix.nl\/fr\/wp-json\/wp\/v2\/media?parent=7389"}],"curies":[{"name":"wp","href":"https:\/\/api.w.org\/{rel}","templated":true}]}}