{"id":11996,"date":"2025-06-18T09:37:57","date_gmt":"2025-06-18T07:37:57","guid":{"rendered":"https:\/\/www.elektrofix.nl\/restauration-des-dommages-causes-par-le-vol-dune-bmw-ou-dune-mini\/"},"modified":"2025-06-18T09:37:57","modified_gmt":"2025-06-18T07:37:57","slug":"restauration-des-dommages-causes-par-le-vol-dune-bmw-ou-dune-mini","status":"publish","type":"page","link":"https:\/\/www.elektrofix.nl\/fr\/restauration-des-dommages-causes-par-le-vol-dune-bmw-ou-dune-mini\/","title":{"rendered":"Restauration des dommages caus\u00e9s par le vol d&rsquo;une BMW ou d&rsquo;une MINI"},"content":{"rendered":"<p>[vc_row full_width=\u00a0\u00bbstretch_row\u00a0\u00bb css=\u00a0\u00bb.vc_custom_1612202182063{padding-top: 30px !important;padding-bottom: 15px !important;}\u00a0\u00bb][vc_column css=\u00a0\u00bb.vc_custom_1612180223540{padding-top: 0px !important;padding-bottom: 0px !important;}\u00a0\u00bb][vc_column_text]<\/p>\n<h5>Elektrofix est votre partenaire de A \u00e0 Z<\/h5>\n<h2>Que faire en cas de vol ou de dommages caus\u00e9s \u00e0 votre BMW ou MINI ?<\/h2>\n<p>[\/vc_column_text][vc_row_inner equal_height=\u00a0\u00bbyes\u00a0\u00bb content_placement=\u00a0\u00bbmiddle\u00a0\u00bb css=\u00a0\u00bb.vc_custom_1612260120748{padding-top: 0px !important;padding-bottom: 0px !important;}\u00a0\u00bb][vc_column_inner width=\u00a0\u00bb1\/2&Prime; css=\u00a0\u00bb.vc_custom_1612180239327{padding-top: 0px !important;padding-bottom: 0px !important;}\u00a0\u00bb][vc_single_image image=\u00a0\u00bb11986&Prime; img_size=\u00a0\u00bbfull\u00a0\u00bb][\/vc_column_inner][vc_column_inner width=\u00a0\u00bb1\/2&Prime; css=\u00a0\u00bb.vc_custom_1612180248955{padding-top: 0px !important;padding-bottom: 0px !important;}\u00a0\u00bb][vc_column_text]Chez Elektrofix, nous comprenons \u00e0 quel point il peut \u00eatre dramatique et frustrant d \u00ab \u00eatre victime d&rsquo;un vol de voiture ou d&rsquo;un cambriolage. Sur les mod\u00e8les BMW et MINI en particulier, les dommages caus\u00e9s par le vol se concentrent souvent sur l \u00bb \u00e9lectronique et les logiciels, comme les syst\u00e8mes de navigation, les compteurs num\u00e9riques ou l&rsquo;ECU qui ont \u00e9t\u00e9 vol\u00e9s ou endommag\u00e9s. Heureusement, Elektrofix vous propose une solution. Nous sommes sp\u00e9cialis\u00e9s dans la r\u00e9paration des logiciels vol\u00e9s, exclusivement pour les v\u00e9hicules BMW et MINI.   [\/vc_column_text][vc_btn title=\u00a0\u00bbPrenez contact avec nous\u00a0\u00bb style=\u00a0\u00bbcustom\u00a0\u00bb custom_text=\u00a0\u00bb#666666&Prime; el_class=\u00a0\u00bbblue-btn\u00a0\u00bb link=\u00a0\u00bburl:%2Fcontact|||\u00a0\u00bb][\/vc_column_inner][\/vc_row_inner][\/vc_column][\/vc_row][vc_row full_width=\u00a0\u00bbstretch_row\u00a0\u00bb css=\u00a0\u00bb.vc_custom_1612202018327{padding-top: 50px !important;padding-bottom: 15px !important;}\u00a0\u00bb][vc_column css=\u00a0\u00bb.vc_custom_1612180223540{padding-top: 0px !important;padding-bottom: 0px !important;}\u00a0\u00bb][vc_row_inner css=\u00a0\u00bb.vc_custom_1612260131186{padding-top: 0px !important;padding-bottom: 0px !important;}\u00a0\u00bb][vc_column_inner css=\u00a0\u00bb.vc_custom_1612180239327{padding-top: 0px !important;padding-bottom: 0px !important;}\u00a0\u00bb][vc_column_text]<\/p>\n<h2>Nous vous aidons<\/h2>\n<p>Apr\u00e8s un vol ou une effraction, ce sont surtout les syst\u00e8mes \u00e9lectroniques des v\u00e9hicules BMW et MINI qui sont vis\u00e9s. C&rsquo;est pourquoi Elektrofix propose une r\u00e9paration cibl\u00e9e de ces dommages, enti\u00e8rement adapt\u00e9e au logiciel et \u00e0 l&rsquo;\u00e9lectronique de votre v\u00e9hicule. Nous rempla\u00e7ons et reprogrammons les modules vol\u00e9s ou endommag\u00e9s, tels que les syst\u00e8mes de navigation d&rsquo;origine (CIC, CCC, NBT), les volants, les odom\u00e8tres (analogiques et num\u00e9riques, y compris 6WA et 6WB) et les airbags. Chaque composant est mont\u00e9 avec pr\u00e9cision et cod\u00e9 correctement afin qu&rsquo;il fonctionne parfaitement avec le reste du v\u00e9hicule. En outre, nous effectuons des modifications logicielles si n\u00e9cessaire pour supprimer les codes d&rsquo;erreur, restaurer les param\u00e8tres de s\u00e9curit\u00e9 et int\u00e9grer correctement les nouveaux composants. Nous veillons ainsi \u00e0 ce que votre BMW ou MINI retrouve son \u00e9tat d&rsquo;origine. Fiable, s\u00fbre et pleinement fonctionnelle.      <\/p>\n<h3>Ce que nous pouvons faire :<\/h3>\n<ul>\n<li>Reprogrammation d&rsquo;ECU (unit\u00e9s de contr\u00f4le \u00e9lectronique) vol\u00e9es ou effac\u00e9es<\/li>\n<li>Codage des pi\u00e8ces de rechange telles que les syst\u00e8mes de navigation (CIC, CCC, NBT)<\/li>\n<li>R\u00e9cup\u00e9ration logicielle des compteurs de vitesse num\u00e9riques (6WA, 6WB)<\/li>\n<li>Reconnexion des volants et des airbags<\/li>\n<li>Mises \u00e0 jour de s\u00e9curit\u00e9 apr\u00e8s des tentatives de vol<\/li>\n<li>Suppression des codes d&rsquo;erreur et r\u00e9initialisation des syst\u00e8mes<\/li>\n<\/ul>\n<p>[\/vc_column_text][\/vc_column_inner][\/vc_row_inner][\/vc_column][\/vc_row][vc_row full_width=\u00a0\u00bbstretch_row\u00a0\u00bb css=\u00a0\u00bb.vc_custom_1612199972923{margin-top: 50px !important;margin-bottom: 50px !important;padding-top: 0px !important;padding-bottom: 0px !important;background-image: url(https:\/\/www.elektrofix.nl\/wp-content\/uploads\/pexels-ingo-joseph-13781-1.png?id=250) !important;background-position: center !important;background-repeat: no-repeat !important;background-size: cover !important;}\u00a0\u00bb el_class=\u00a0\u00bbcta-box\u00a0\u00bb][vc_column css=\u00a0\u00bb.vc_custom_1612180223540{padding-top: 0px !important;padding-bottom: 0px !important;}\u00a0\u00bb][vc_row_inner equal_height=\u00a0\u00bbyes\u00a0\u00bb content_placement=\u00a0\u00bbmiddle\u00a0\u00bb css=\u00a0\u00bb.vc_custom_1612260140510{padding-top: 0px !important;padding-bottom: 0px !important;}\u00a0\u00bb][vc_column_inner el_class=\u00a0\u00bbcta-gradient-box\u00a0\u00bb width=\u00a0\u00bb1\/2&Prime; css=\u00a0\u00bb.vc_custom_1612200066371{padding-top: 65px !important;padding-bottom: 35px !important;}\u00a0\u00bb][vc_column_text]<\/p>\n<h2>Vous vous demandez ce que nous pouvons faire pour vous ?<\/h2>\n<p>N&rsquo;h\u00e9sitez pas \u00e0 nous contacter ![\/vc_column_text][vc_btn title=\u00a0\u00bbContacter\u00a0\u00bb style=\u00a0\u00bbcustom\u00a0\u00bb custom_text=\u00a0\u00bb#666666&Prime; el_class=\u00a0\u00bbwhite-btn\u00a0\u00bb link=\u00a0\u00bburl:%2Fcontact|||\u00a0\u00bb][\/vc_column_inner][vc_column_inner width=\u00a0\u00bb1\/2&Prime; css=\u00a0\u00bb.vc_custom_1612180248955{padding-top: 0px !important;padding-bottom: 0px !important;}\u00a0\u00bb][\/vc_column_inner][\/vc_row_inner][\/vc_column][\/vc_row][vc_row full_width=\u00a0\u00bbstretch_row\u00a0\u00bb css=\u00a0\u00bb.vc_custom_1612199714486{padding-top: 50px !important;padding-bottom: 15px !important;}\u00a0\u00bb][vc_column][vc_row_inner][vc_column_inner width=\u00a0\u00bb1\/2&Prime;][vc_column_text]<\/p>\n<h2>Faites appel \u00e0 un sp\u00e9cialiste de la restauration des d\u00e9g\u00e2ts caus\u00e9s par le vol<\/h2>\n<p>Enfin, il est bien s\u00fbr essentiel de r\u00e9parer les d\u00e9g\u00e2ts. Non seulement pour des raisons visuelles, mais surtout pour votre propre s\u00e9curit\u00e9. Dans ce cas, faites appel \u00e0 un sp\u00e9cialiste de la r\u00e9paration des dommages caus\u00e9s par le vol d&rsquo;une BMW ou d&rsquo;une MINI. Les pi\u00e8ces d&rsquo;origine, les techniques sp\u00e9cifiques \u00e0 la marque et l&rsquo;exp\u00e9rience de l&rsquo;\u00e9lectronique sensible font qu&rsquo;il existe de grandes diff\u00e9rences dans la mani\u00e8re de travailler avec ces voitures tr\u00e8s diff\u00e9rentes. En faisant appel \u00e0 un expert, vous pouvez \u00eatre s\u00fbr que les d\u00e9g\u00e2ts caus\u00e9s par le vol seront r\u00e9par\u00e9s correctement et que vous pourrez bient\u00f4t profiter \u00e0 nouveau de votre BMW ou de votre MINI en toute s\u00e9r\u00e9nit\u00e9.    <br \/>[\/vc_column_text][vc_btn title=\u00a0\u00bbDemande de devis\u00a0\u00bb style=\u00a0\u00bbcustom\u00a0\u00bb custom_text=\u00a0\u00bb#666666&Prime; el_class=\u00a0\u00bbblue-btn\u00a0\u00bb link=\u00a0\u00bburl:%2Fcontact|||\u00a0\u00bb][\/vc_column_inner][vc_column_inner width=\u00a0\u00bb1\/2&Prime;][vc_single_image image=\u00a0\u00bb11990&Prime; img_size=\u00a0\u00bbfull\u00a0\u00bb][\/vc_column_inner][\/vc_row_inner][\/vc_column][\/vc_row][vc_row full_width=\u00a0\u00bbstretch_row\u00a0\u00bb css=\u00a0\u00bb.vc_custom_1612202018327{padding-top: 50px !important;padding-bottom: 15px !important;}\u00a0\u00bb][vc_column css=\u00a0\u00bb.vc_custom_1612180223540{padding-top: 0px !important;padding-bottom: 0px !important;}\u00a0\u00bb][vc_column_text]<\/p>\n<h5>M\u00e9canicien polyvalent en \u00e9lectronique automobile<\/h5>\n<h2>Autres r\u00e9parations \u00e9lectroniques de voitures<\/h2>\n<p>Chez Elektrofix, vous pouvez obtenir plus qu&rsquo;une simple r\u00e9paration d&rsquo;autoradio. Nous r\u00e9parons presque tout dans le domaine de l&rsquo;\u00e9lectronique automobile, comme par exemple :[\/vc_column_text][vc_row_inner css=\u00a0\u00bb.vc_custom_1612260131186{padding-top: 0px !important;padding-bottom: 0px !important;}\u00a0\u00bb][vc_column_inner width=\u00a0\u00bb1\/2&Prime; css=\u00a0\u00bb.vc_custom_1612180239327{padding-top: 0px !important;padding-bottom: 0px !important;}\u00a0\u00bb][vc_column_text]<\/p>\n<ul>\n<li>R\u00e9paration de l&rsquo;alarme de la voiture<\/li>\n<li>Erreurs de lecture des DVD\/CD<\/li>\n<li>R\u00e9paration du tableau de bord<\/li>\n<li>R\u00e9paration de cl\u00e9s de voiture<\/li>\n<\/ul>\n<p>[\/vc_column_text][\/vc_column_inner][vc_column_inner width=\u00a0\u00bb1\/2&Prime;][vc_column_text]<\/p>\n<ul>\n<li>Installation\/r\u00e9paration\/montage de cam\u00e9ras de recul<\/li>\n<li>R\u00e9paration du compteur de tours\/kilom\u00e9trage<\/li>\n<li>Toutes les marques d&rsquo;autoradios<\/li>\n<li>Installation\/r\u00e9paration\/montage de kits automobiles<\/li>\n<\/ul>\n<p>[\/vc_column_text][\/vc_column_inner][\/vc_row_inner][vc_column_text]La pi\u00e8ce de votre voiture avec laquelle vous avez des probl\u00e8mes \u00e9lectroniques ne figure pas dans la liste ci-dessus ? Si c&rsquo;est le cas, contactez-nous. Il y a de fortes chances que nous puissions encore le r\u00e9parer pour vous.[\/vc_column_text][\/vc_column][\/vc_row][vc_row][vc_column][vc_column_text]<\/p>\n<h2>Contactez directement Elektrofix<\/h2>\n<p>Votre BMW ou MINI a fait l&rsquo;objet d&rsquo;une tentative de vol ? Y a-t-il des dommages caus\u00e9s par le vol sous la forme d&rsquo;appareils \u00e9lectroniques cass\u00e9s ? Dans ce cas, contactez imm\u00e9diatement Elektrofix. Nous sommes les experts dans le domaine de l&rsquo;\u00e9lectronique pour BMW et MINI, entre autres. <a href=\"tel:0625387023\">06 25 38 70 23<\/a>, par e-mail <a href=\"mailto:info@elektrofix.nl\">info@elektrofix.nl<\/a> ou en laissant un message via le formulaire de contact ici sur le site web.   <br \/>[\/vc_column_text][\/vc_column][\/vc_row]<\/p>\n","protected":false},"excerpt":{"rendered":"<p>[vc_row full_width=\u00a0\u00bbstretch_row\u00a0\u00bb css=\u00a0\u00bb.vc_custom_1612202182063{padding-top: 30px !important;padding-bottom: 15px !important;}\u00a0\u00bb][vc_column css=\u00a0\u00bb.vc_custom_1612180223540{padding-top: 0px !important;padding-bottom: 0px !important;}\u00a0\u00bb][vc_column_text] Elektrofix est votre partenaire de A \u00e0 Z Que faire en cas de<a class=\"moretag\" href=\"https:\/\/www.elektrofix.nl\/fr\/restauration-des-dommages-causes-par-le-vol-dune-bmw-ou-dune-mini\/\">&#8230;<\/a><\/p>\n","protected":false},"author":1,"featured_media":0,"parent":0,"menu_order":0,"comment_status":"closed","ping_status":"closed","template":"","meta":{"footnotes":""},"class_list":["post-11996","page","type-page","status-publish","hentry"],"_links":{"self":[{"href":"https:\/\/www.elektrofix.nl\/fr\/wp-json\/wp\/v2\/pages\/11996","targetHints":{"allow":["GET"]}}],"collection":[{"href":"https:\/\/www.elektrofix.nl\/fr\/wp-json\/wp\/v2\/pages"}],"about":[{"href":"https:\/\/www.elektrofix.nl\/fr\/wp-json\/wp\/v2\/types\/page"}],"author":[{"embeddable":true,"href":"https:\/\/www.elektrofix.nl\/fr\/wp-json\/wp\/v2\/users\/1"}],"replies":[{"embeddable":true,"href":"https:\/\/www.elektrofix.nl\/fr\/wp-json\/wp\/v2\/comments?post=11996"}],"version-history":[{"count":0,"href":"https:\/\/www.elektrofix.nl\/fr\/wp-json\/wp\/v2\/pages\/11996\/revisions"}],"wp:attachment":[{"href":"https:\/\/www.elektrofix.nl\/fr\/wp-json\/wp\/v2\/media?parent=11996"}],"curies":[{"name":"wp","href":"https:\/\/api.w.org\/{rel}","templated":true}]}}